{"id":525,"date":"2022-01-11T08:33:30","date_gmt":"2022-01-11T08:33:30","guid":{"rendered":"https:\/\/demosites.royal-elementor-addons.com\/pizza-v1\/?page_id=12"},"modified":"2025-06-09T02:39:32","modified_gmt":"2025-06-09T02:39:32","slug":"nuestro-trabajo","status":"publish","type":"page","link":"https:\/\/tierramontemariana.org\/index.php\/nuestro-trabajo\/","title":{"rendered":"Nuestro trabajo"},"content":{"rendered":"\t\t<div data-elementor-type=\"wp-page\" data-elementor-id=\"525\" class=\"elementor elementor-525\">\n\t\t\t\t\t\t<section class=\"elementor-section elementor-top-section elementor-element elementor-element-ba13abb elementor-section-boxed elementor-section-height-default elementor-section-height-default wpr-particle-no wpr-jarallax-no wpr-parallax-no wpr-sticky-section-no\" data-id=\"ba13abb\" data-element_type=\"section\" data-settings=\"{&quot;background_background&quot;:&quot;classic&quot;}\">\n\t\t\t\t\t\t\t<div class=\"elementor-background-overlay\"><\/div>\n\t\t\t\t\t\t\t<div class=\"elementor-container elementor-column-gap-default\">\n\t\t\t\t\t<div class=\"elementor-column elementor-col-100 elementor-top-column elementor-element elementor-element-f18b7b2\" data-id=\"f18b7b2\" data-element_type=\"column\">\n\t\t\t<div class=\"elementor-widget-wrap elementor-element-populated\">\n\t\t\t\t\t\t<div class=\"elementor-element elementor-element-8a37586 elementor-widget elementor-widget-heading\" data-id=\"8a37586\" data-element_type=\"widget\" data-widget_type=\"heading.default\">\n\t\t\t\t<div class=\"elementor-widget-container\">\n\t\t\t<h2 class=\"elementor-heading-title elementor-size-default\">Nuestros trabajos<\/h2>\t\t<\/div>\n\t\t\t\t<\/div>\n\t\t\t\t\t<\/div>\n\t\t<\/div>\n\t\t\t\t\t<\/div>\n\t\t<\/section>\n\t\t\t\t<section class=\"elementor-section elementor-top-section elementor-element elementor-element-2f7a6c9c elementor-section-boxed elementor-section-height-default elementor-section-height-default wpr-particle-no wpr-jarallax-no wpr-parallax-no wpr-sticky-section-no\" data-id=\"2f7a6c9c\" data-element_type=\"section\" data-settings=\"{&quot;background_background&quot;:&quot;classic&quot;}\">\n\t\t\t\t\t\t<div class=\"elementor-container elementor-column-gap-default\">\n\t\t\t\t\t<div class=\"elementor-column elementor-col-100 elementor-top-column elementor-element elementor-element-68b47e99\" data-id=\"68b47e99\" data-element_type=\"column\">\n\t\t\t<div class=\"elementor-widget-wrap elementor-element-populated\">\n\t\t\t\t\t\t<div class=\"elementor-element elementor-element-4cabaafd wpr-fancy-text-slide wpr-advanced-text-style-animated wpr-animated-text-infinite-yes elementor-widget elementor-widget-wpr-advanced-text\" data-id=\"4cabaafd\" data-element_type=\"widget\" data-settings=\"{&quot;anim_loop&quot;:&quot;yes&quot;}\" data-widget_type=\"wpr-advanced-text.default\">\n\t\t\t\t<div class=\"elementor-widget-container\">\n\t\t\t\n\t\t<h1 class=\"wpr-advanced-text\">\n\n\t\t\t\t\t\n\t\t\t\t\t\t\t<span class=\"wpr-advanced-text-preffix\">Nuestros proyectos en<\/span>\n\t\t\t\n\t\t<span class=\"wpr-anim-text wpr-anim-text-type-slide\" data-anim-duration=\"1000,1000\" data-anim-loop=\"yes\">\n\t\t\t<span class=\"wpr-anim-text-inner\">\n\t\t\t\t\t\t\t\t\t<b>Educaci\u00f3n<\/b>\n\t\t\t\t\t\t\t\t\t<b>Cultura<\/b>\n\t\t\t\t\t\t\t\t\t<b>Medio Ambiente<\/b>\n\t\t\t\t\t\t\t\t\t<b>Sociedad<\/b>\n\t\t\t\t\t\t\t<\/span>\n\t\t\t\t\t<\/span>\n\n\t\t\t\t\n\t\t<\/h1>\n\t\t\n\t\t\t\t<\/div>\n\t\t\t\t<\/div>\n\t\t\t\t<section class=\"elementor-section elementor-inner-section elementor-element elementor-element-761612a7 elementor-section-boxed elementor-section-height-default elementor-section-height-default wpr-particle-no wpr-jarallax-no wpr-parallax-no wpr-sticky-section-no\" data-id=\"761612a7\" data-element_type=\"section\">\n\t\t\t\t\t\t<div class=\"elementor-container elementor-column-gap-default\">\n\t\t\t\t\t<div class=\"elementor-column elementor-col-50 elementor-inner-column elementor-element elementor-element-23187c87\" data-id=\"23187c87\" data-element_type=\"column\">\n\t\t\t<div class=\"elementor-widget-wrap elementor-element-populated\">\n\t\t\t\t\t\t<div class=\"elementor-element elementor-element-1202a1a5 wpr-promo-box-style-cover elementor-widget elementor-widget-wpr-promo-box\" data-id=\"1202a1a5\" data-element_type=\"widget\" data-widget_type=\"wpr-promo-box.default\">\n\t\t\t\t<div class=\"elementor-widget-container\">\n\t\t\t\n\t\t<div class=\"wpr-promo-box wpr-animation-wrap\">\n\n\t\t\t\t\t\t\t\n\t\t\t\t\t\t\t<div class=\"wpr-promo-box-image\">\n\t\t\t\t\t<div class=\"wpr-promo-box-bg-image wpr-bg-anim-zoom-in wpr-anim-timing-ease-default\" style=\"background-image:url(https:\/\/tierramontemariana.org\/wp-content\/uploads\/2023\/01\/1617468988993-scaled-1.jpg);\"><\/div>\n\t\t\t\t\t<div class=\"wpr-promo-box-bg-overlay wpr-border-anim-oscar\"><\/div>\n\t\t\t\t<\/div>\n\t\t\t\t\t\t\n\t\t\t<div class=\"wpr-promo-box-content\">\n\n\t\t\t\t\t\t\t\t<div class=\"wpr-promo-box-icon\">\n\t\t\t\t\t\t\t\t\t<\/div>\n\t\t\t\t\n\t\t\t\t<h3 class=\"wpr-promo-box-title\"><span>Montes de Mar\u00eda Tierra de Vida: Voz y conciencia del bosque seco tropical<\/span><\/h3>\n\t\t\t\t\t\t\t\t\t<div class=\"wpr-promo-box-description\">\n\t\t\t\t\t\t<p><p>Somos los creadores del <strong>primer podcast de educaci\u00f3n ambiental de la subregi\u00f3n de Montes de Mar\u00eda, <\/strong>un espacio pionero que conecta voces diversa<strong>s<\/strong>...<\/p><\/p>\t\n\t\t\t\t\t<\/div>\t\t\t\t\t\t\n\t\t\t\t\n\t\t\t\t\t\t\t\t\t<div class=\"wpr-promo-box-btn-wrap\">\n\t\t\t\t\t\t<a class=\"wpr-promo-box-btn\" href=\"https:\/\/tierramontemariana.org\/index.php\/podcast-montes-de-maria-tierra-de-vida\">\n\n\t\t\t\t\t\t\t\t\t\t\t\t\t\t<span class=\"wpr-promo-box-btn-text\">Leer m\u00e1s<\/span>\t\t\n\t\t\t\t\t\t\t\n\t\t\t\t\t\t\t\t\t\t\t\t\t<\/a>\n\t\t\t\t\t<\/div>\t\n\t\t\t\t\t\t\t<\/div>\n\n\t\t\t\t\t<\/div>\n\n\t\t\t\t<\/div>\n\t\t\t\t<\/div>\n\t\t\t\t\t<\/div>\n\t\t<\/div>\n\t\t\t\t<div class=\"elementor-column elementor-col-50 elementor-inner-column elementor-element elementor-element-9fc74d3\" data-id=\"9fc74d3\" data-element_type=\"column\">\n\t\t\t<div class=\"elementor-widget-wrap elementor-element-populated\">\n\t\t\t\t\t\t<div class=\"elementor-element elementor-element-22317483 wpr-promo-box-style-cover elementor-widget elementor-widget-wpr-promo-box\" data-id=\"22317483\" data-element_type=\"widget\" data-widget_type=\"wpr-promo-box.default\">\n\t\t\t\t<div class=\"elementor-widget-container\">\n\t\t\t\n\t\t<div class=\"wpr-promo-box wpr-animation-wrap\">\n\n\t\t\t\t\t\t\t\n\t\t\t\t\t\t\t<div class=\"wpr-promo-box-image\">\n\t\t\t\t\t<div class=\"wpr-promo-box-bg-image wpr-bg-anim-zoom-in wpr-anim-timing-ease-default\" style=\"background-image:url(https:\/\/tierramontemariana.org\/wp-content\/uploads\/2023\/01\/121161287_177802817160043_3157538741618302362_n.jpg);\"><\/div>\n\t\t\t\t\t<div class=\"wpr-promo-box-bg-overlay wpr-border-anim-oscar\"><\/div>\n\t\t\t\t<\/div>\n\t\t\t\t\t\t\n\t\t\t<div class=\"wpr-promo-box-content\">\n\n\t\t\t\t\t\t\t\t<div class=\"wpr-promo-box-icon\">\n\t\t\t\t\t\t\t\t\t<\/div>\n\t\t\t\t\n\t\t\t\t<h3 class=\"wpr-promo-box-title\"><span>Ciclo Ambiental Formativo<\/span><\/h3>\n\t\t\t\t\t\t\t\t\t<div class=\"wpr-promo-box-description\">\n\t\t\t\t\t\t<p><p>Este ciclo ambiental tuvo un alcance de aproximadamente 700 j\u00f3venes de toda la regi\u00f3n caribe y se desarroll\u00f3 de manera virtual y presencial...<\/p><\/p>\t\n\t\t\t\t\t<\/div>\t\t\t\t\t\t\n\t\t\t\t\n\t\t\t\t\t\t\t\t\t<div class=\"wpr-promo-box-btn-wrap\">\n\t\t\t\t\t\t<a class=\"wpr-promo-box-btn\" href=\"https:\/\/tierramontemariana.org\/index.php\/ciclo-ambiental-formativo\/\">\n\n\t\t\t\t\t\t\t\t\t\t\t\t\t\t<span class=\"wpr-promo-box-btn-text\">Leer m\u00e1s<\/span>\t\t\n\t\t\t\t\t\t\t\n\t\t\t\t\t\t\t\t\t\t\t\t\t<\/a>\n\t\t\t\t\t<\/div>\t\n\t\t\t\t\t\t\t<\/div>\n\n\t\t\t\t\t<\/div>\n\n\t\t\t\t<\/div>\n\t\t\t\t<\/div>\n\t\t\t\t\t<\/div>\n\t\t<\/div>\n\t\t\t\t\t<\/div>\n\t\t<\/section>\n\t\t\t\t<section class=\"elementor-section elementor-inner-section elementor-element elementor-element-4d21afb elementor-section-boxed elementor-section-height-default elementor-section-height-default wpr-particle-no wpr-jarallax-no wpr-parallax-no wpr-sticky-section-no\" data-id=\"4d21afb\" data-element_type=\"section\">\n\t\t\t\t\t\t<div class=\"elementor-container elementor-column-gap-default\">\n\t\t\t\t\t<div class=\"elementor-column elementor-col-50 elementor-inner-column elementor-element elementor-element-9848f9b\" data-id=\"9848f9b\" data-element_type=\"column\">\n\t\t\t<div class=\"elementor-widget-wrap elementor-element-populated\">\n\t\t\t\t\t\t<div class=\"elementor-element elementor-element-28b9fcf wpr-promo-box-style-cover elementor-widget elementor-widget-wpr-promo-box\" data-id=\"28b9fcf\" data-element_type=\"widget\" data-widget_type=\"wpr-promo-box.default\">\n\t\t\t\t<div class=\"elementor-widget-container\">\n\t\t\t\n\t\t<div class=\"wpr-promo-box wpr-animation-wrap\">\n\n\t\t\t\t\t\t\t\n\t\t\t\t\t\t\t<div class=\"wpr-promo-box-image\">\n\t\t\t\t\t<div class=\"wpr-promo-box-bg-image wpr-bg-anim-zoom-in wpr-anim-timing-ease-default\" style=\"background-image:url(https:\/\/tierramontemariana.org\/wp-content\/uploads\/2023\/01\/IMG_20220801_181540-1.jpg);\"><\/div>\n\t\t\t\t\t<div class=\"wpr-promo-box-bg-overlay wpr-border-anim-oscar\"><\/div>\n\t\t\t\t<\/div>\n\t\t\t\t\t\t\n\t\t\t<div class=\"wpr-promo-box-content\">\n\n\t\t\t\t\t\t\t\t<div class=\"wpr-promo-box-icon\">\n\t\t\t\t\t\t\t\t\t<\/div>\n\t\t\t\t\n\t\t\t\t<h3 class=\"wpr-promo-box-title\"><span>Encuentro Nacional de J\u00f3venes Afro, Campesinos, Raizales e Ind\u00edgenas para la Conservaci\u00f3n de Ecosistemas Estrat\u00e9gicos en Colombia<\/span><\/h3>\n\t\t\t\t\t\t\t\t\t<div class=\"wpr-promo-box-description\">\n\t\t\t\t\t\t<p><p>Del 26 al 30 de julio de 2022, en la ciudad de Santa Marta, la Fundaci\u00f3n Tierra Montemariana llev\u00f3 a cabo el <strong>Encuentro Nacional de J\u00f3venes Afro, Campesinos, Raizales e Ind\u00edgenas para la Conservaci\u00f3n de Ecosistemas Estrat\u00e9gicos en Colombia<\/strong>....<\/p><\/p>\t\n\t\t\t\t\t<\/div>\t\t\t\t\t\t\n\t\t\t\t\n\t\t\t\t\t\t\t\t\t<div class=\"wpr-promo-box-btn-wrap\">\n\t\t\t\t\t\t<a class=\"wpr-promo-box-btn\" href=\"https:\/\/tierramontemariana.org\/index.php\/encuentro-nacional-de-jovenes\">\n\n\t\t\t\t\t\t\t\t\t\t\t\t\t\t<span class=\"wpr-promo-box-btn-text\">Leer m\u00e1s<\/span>\t\t\n\t\t\t\t\t\t\t\n\t\t\t\t\t\t\t\t\t\t\t\t\t<\/a>\n\t\t\t\t\t<\/div>\t\n\t\t\t\t\t\t\t<\/div>\n\n\t\t\t\t\t<\/div>\n\n\t\t\t\t<\/div>\n\t\t\t\t<\/div>\n\t\t\t\t\t<\/div>\n\t\t<\/div>\n\t\t\t\t<div class=\"elementor-column elementor-col-50 elementor-inner-column elementor-element elementor-element-8018e79\" data-id=\"8018e79\" data-element_type=\"column\">\n\t\t\t<div class=\"elementor-widget-wrap elementor-element-populated\">\n\t\t\t\t\t\t<div class=\"elementor-element elementor-element-d936704 wpr-promo-box-style-cover elementor-widget elementor-widget-wpr-promo-box\" data-id=\"d936704\" data-element_type=\"widget\" data-widget_type=\"wpr-promo-box.default\">\n\t\t\t\t<div class=\"elementor-widget-container\">\n\t\t\t\n\t\t<div class=\"wpr-promo-box wpr-animation-wrap\">\n\n\t\t\t\t\t\t\t\n\t\t\t\t\t\t\t<div class=\"wpr-promo-box-image\">\n\t\t\t\t\t<div class=\"wpr-promo-box-bg-image wpr-bg-anim-zoom-in wpr-anim-timing-ease-default\" style=\"background-image:url(https:\/\/tierramontemariana.org\/wp-content\/uploads\/2024\/09\/20230511175413_IMG_1467.jpg);\"><\/div>\n\t\t\t\t\t<div class=\"wpr-promo-box-bg-overlay wpr-border-anim-oscar\"><\/div>\n\t\t\t\t<\/div>\n\t\t\t\t\t\t\n\t\t\t<div class=\"wpr-promo-box-content\">\n\n\t\t\t\t\t\t\t\t<div class=\"wpr-promo-box-icon\">\n\t\t\t\t\t\t\t\t\t<\/div>\n\t\t\t\t\n\t\t\t\t<h3 class=\"wpr-promo-box-title\"><span>Liderazgo ambiental y conservaci\u00f3n de la biodiversidad para j\u00f3venes en los Montes de Mar\u00eda<\/span><\/h3>\n\t\t\t\t\t\t\t\t\t<div class=\"wpr-promo-box-description\">\n\t\t\t\t\t\t<p><p>Gracias a la exitosa implementaci\u00f3n de la estrategia, se logr\u00f3 la conformaci\u00f3n de dos colectivos juveniles organizados, los cuales, mediante la producci\u00f3n y difusi\u00f3n de contenidos audiovisuales de calidad...<\/p><\/p>\t\n\t\t\t\t\t<\/div>\t\t\t\t\t\t\n\t\t\t\t\n\t\t\t\t\t\t\t\t\t<div class=\"wpr-promo-box-btn-wrap\">\n\t\t\t\t\t\t<a class=\"wpr-promo-box-btn\" href=\"https:\/\/tierramontemariana.org\/index.php\/liderazgo-ambiental-y-conservacion-de-la-biodiversidad-para-jovenes-en-los-montes-de-maria\/\">\n\n\t\t\t\t\t\t\t\t\t\t\t\t\t\t<span class=\"wpr-promo-box-btn-text\">Leer m\u00e1s<\/span>\t\t\n\t\t\t\t\t\t\t\n\t\t\t\t\t\t\t\t\t\t\t\t\t<\/a>\n\t\t\t\t\t<\/div>\t\n\t\t\t\t\t\t\t<\/div>\n\n\t\t\t\t\t<\/div>\n\n\t\t\t\t<\/div>\n\t\t\t\t<\/div>\n\t\t\t\t\t<\/div>\n\t\t<\/div>\n\t\t\t\t\t<\/div>\n\t\t<\/section>\n\t\t\t\t<section class=\"elementor-section elementor-inner-section elementor-element elementor-element-f776c62 elementor-section-boxed elementor-section-height-default elementor-section-height-default wpr-particle-no wpr-jarallax-no wpr-parallax-no wpr-sticky-section-no\" data-id=\"f776c62\" data-element_type=\"section\">\n\t\t\t\t\t\t<div class=\"elementor-container elementor-column-gap-default\">\n\t\t\t\t\t<div class=\"elementor-column elementor-col-50 elementor-inner-column elementor-element elementor-element-c0545e3\" data-id=\"c0545e3\" data-element_type=\"column\">\n\t\t\t<div class=\"elementor-widget-wrap elementor-element-populated\">\n\t\t\t\t\t\t<div class=\"elementor-element elementor-element-c65977e wpr-promo-box-style-cover elementor-widget elementor-widget-wpr-promo-box\" data-id=\"c65977e\" data-element_type=\"widget\" data-widget_type=\"wpr-promo-box.default\">\n\t\t\t\t<div class=\"elementor-widget-container\">\n\t\t\t\n\t\t<div class=\"wpr-promo-box wpr-animation-wrap\">\n\n\t\t\t\t\t\t\t\n\t\t\t\t\t\t\t<div class=\"wpr-promo-box-image\">\n\t\t\t\t\t<div class=\"wpr-promo-box-bg-image wpr-bg-anim-zoom-in wpr-anim-timing-ease-default\" style=\"background-image:url(https:\/\/tierramontemariana.org\/wp-content\/uploads\/2025\/03\/464904004_18043614179041263_9086594636214355410_n.jpg);\"><\/div>\n\t\t\t\t\t<div class=\"wpr-promo-box-bg-overlay wpr-border-anim-oscar\"><\/div>\n\t\t\t\t<\/div>\n\t\t\t\t\t\t\n\t\t\t<div class=\"wpr-promo-box-content\">\n\n\t\t\t\t\t\t\t\t<div class=\"wpr-promo-box-icon\">\n\t\t\t\t\t\t\t\t\t<\/div>\n\t\t\t\t\n\t\t\t\t<h3 class=\"wpr-promo-box-title\"><span>Teatro Foro pa\u2019 la Paz: Escenarios que Transforman<\/span><\/h3>\n\t\t\t\t\t\t\t\t\t<div class=\"wpr-promo-box-description\">\n\t\t\t\t\t\t<p><p><strong>Teatro Foro pa\u2019 la Paz<\/strong> es una iniciativa de la <strong>Fundaci\u00f3n\u00a0 Tierra Montemariana<\/strong> que utiliza el arte como herramienta para promover la reconciliaci\u00f3n, empat\u00eda y liderazgo transformador en j\u00f3venes del municipio de <strong>San Juan Nepomuceno, Bol\u00edvar<\/strong>....<\/p><\/p>\t\n\t\t\t\t\t<\/div>\t\t\t\t\t\t\n\t\t\t\t\n\t\t\t\t\t\t\t\t\t<div class=\"wpr-promo-box-btn-wrap\">\n\t\t\t\t\t\t<a class=\"wpr-promo-box-btn\" href=\"https:\/\/tierramontemariana.org\/index.php\/teatro-foro-pa-la-paz\/\">\n\n\t\t\t\t\t\t\t\t\t\t\t\t\t\t<span class=\"wpr-promo-box-btn-text\">Leer m\u00e1s<\/span>\t\t\n\t\t\t\t\t\t\t\n\t\t\t\t\t\t\t\t\t\t\t\t\t<\/a>\n\t\t\t\t\t<\/div>\t\n\t\t\t\t\t\t\t<\/div>\n\n\t\t\t\t\t<\/div>\n\n\t\t\t\t<\/div>\n\t\t\t\t<\/div>\n\t\t\t\t\t<\/div>\n\t\t<\/div>\n\t\t\t\t<div class=\"elementor-column elementor-col-50 elementor-inner-column elementor-element elementor-element-f1acade\" data-id=\"f1acade\" data-element_type=\"column\">\n\t\t\t<div class=\"elementor-widget-wrap elementor-element-populated\">\n\t\t\t\t\t\t<div class=\"elementor-element elementor-element-c02015e wpr-promo-box-style-cover elementor-widget elementor-widget-wpr-promo-box\" data-id=\"c02015e\" data-element_type=\"widget\" data-widget_type=\"wpr-promo-box.default\">\n\t\t\t\t<div class=\"elementor-widget-container\">\n\t\t\t\n\t\t<div class=\"wpr-promo-box wpr-animation-wrap\">\n\n\t\t\t\t\t\t\t\n\t\t\t\t\t\t\t<div class=\"wpr-promo-box-image\">\n\t\t\t\t\t<div class=\"wpr-promo-box-bg-image wpr-bg-anim-zoom-in wpr-anim-timing-ease-default\" style=\"background-image:url(https:\/\/tierramontemariana.org\/wp-content\/uploads\/2025\/05\/411085841_664021259262384_4125882025255344343_n.jpg);\"><\/div>\n\t\t\t\t\t<div class=\"wpr-promo-box-bg-overlay wpr-border-anim-oscar\"><\/div>\n\t\t\t\t<\/div>\n\t\t\t\t\t\t\n\t\t\t<div class=\"wpr-promo-box-content\">\n\n\t\t\t\t\t\t\t\t<div class=\"wpr-promo-box-icon\">\n\t\t\t\t\t\t\t\t\t<\/div>\n\t\t\t\t\n\t\t\t\t<h3 class=\"wpr-promo-box-title\"><span>Primer Festival de m\u00fasica y arte montemariano: Somos Cultura 2023<\/span><\/h3>\n\t\t\t\t\t\t\t\t\t<div class=\"wpr-promo-box-description\">\n\t\t\t\t\t\t<p><p>Vivimos un emocionante despliegue art\u00edstico en nuestra primera edici\u00f3n del festival cultural <strong data-start=\"301\" data-end=\"322\">#SOMOSCULTURA2023<\/strong>, una jornada llena de talento y pasi\u00f3n que rindi\u00f3 homenaje a nuestras ra\u00edces a trav\u00e9s de la <strong data-start=\"415\" data-end=\"424\">Danza<\/strong>, el <strong data-start=\"429\" data-end=\"438\">Canto<\/strong> y la <strong data-start=\"444\" data-end=\"462\">Tradici\u00f3n Oral<\/strong>...<\/p><\/p>\t\n\t\t\t\t\t<\/div>\t\t\t\t\t\t\n\t\t\t\t\n\t\t\t\t\t\t\t\t\t<div class=\"wpr-promo-box-btn-wrap\">\n\t\t\t\t\t\t<a class=\"wpr-promo-box-btn\" href=\"#\">\n\n\t\t\t\t\t\t\t\t\t\t\t\t\t\t<span class=\"wpr-promo-box-btn-text\">Leer m\u00e1s<\/span>\t\t\n\t\t\t\t\t\t\t\n\t\t\t\t\t\t\t\t\t\t\t\t\t<\/a>\n\t\t\t\t\t<\/div>\t\n\t\t\t\t\t\t\t<\/div>\n\n\t\t\t\t\t<\/div>\n\n\t\t\t\t<\/div>\n\t\t\t\t<\/div>\n\t\t\t\t\t<\/div>\n\t\t<\/div>\n\t\t\t\t\t<\/div>\n\t\t<\/section>\n\t\t\t\t<div class=\"elementor-element elementor-element-471d5b1 elementor-widget elementor-widget-spacer\" data-id=\"471d5b1\" data-element_type=\"widget\" data-widget_type=\"spacer.default\">\n\t\t\t\t<div class=\"elementor-widget-container\">\n\t\t\t\t\t<div class=\"elementor-spacer\">\n\t\t\t<div class=\"elementor-spacer-inner\"><\/div>\n\t\t<\/div>\n\t\t\t\t<\/div>\n\t\t\t\t<\/div>\n\t\t\t\t\t<\/div>\n\t\t<\/div>\n\t\t\t\t\t<\/div>\n\t\t<\/section>\n\t\t\t\t<\/div>\n\t\t","protected":false},"excerpt":{"rendered":"<p>Nuestros trabajos Nuestros proyectos en Educaci\u00f3n Cultura Medio Ambiente Sociedad Montes de Mar\u00eda Tierra de Vida: Voz y conciencia del bosque seco tropical Somos los creadores del primer podcast de educaci\u00f3n ambiental de la subregi\u00f3n de Montes de Mar\u00eda, un espacio pionero que conecta voces diversas&#8230; Leer m\u00e1s Ciclo Ambiental Formativo Este ciclo ambiental tuvo un alcance de aproximadamente 700 j\u00f3venes de toda la regi\u00f3n caribe y se desarroll\u00f3 de manera virtual y presencial&#8230; Leer m\u00e1s Encuentro Nacional de J\u00f3venes Afro, Campesinos, Raizales e Ind\u00edgenas para la Conservaci\u00f3n de Ecosistemas Estrat\u00e9gicos en Colombia Del 26 al 30 de julio de 2022, en la ciudad de Santa Marta, la Fundaci\u00f3n Tierra Montemariana llev\u00f3 a cabo el Encuentro Nacional de J\u00f3venes Afro, Campesinos, Raizales e Ind\u00edgenas para la Conservaci\u00f3n de Ecosistemas Estrat\u00e9gicos en Colombia&#8230;. Leer m\u00e1s Liderazgo ambiental y conservaci\u00f3n de la biodiversidad para j\u00f3venes en los Montes de Mar\u00eda Gracias a la exitosa implementaci\u00f3n de la estrategia, se logr\u00f3 la conformaci\u00f3n de dos colectivos juveniles organizados, los cuales, mediante la producci\u00f3n y difusi\u00f3n de contenidos audiovisuales de calidad&#8230; Leer m\u00e1s Teatro Foro pa\u2019 la Paz: Escenarios que Transforman Teatro Foro pa\u2019 la Paz es una iniciativa de la Fundaci\u00f3n\u00a0 Tierra Montemariana que utiliza el arte como herramienta para promover la reconciliaci\u00f3n, empat\u00eda y liderazgo transformador en j\u00f3venes del municipio de San Juan Nepomuceno, Bol\u00edvar&#8230;. Leer m\u00e1s Primer Festival de m\u00fasica y arte montemariano: Somos Cultura 2023 Vivimos un emocionante despliegue art\u00edstico en nuestra primera edici\u00f3n del festival cultural #SOMOSCULTURA2023, una jornada llena de talento y pasi\u00f3n que rindi\u00f3 homenaje a nuestras ra\u00edces a trav\u00e9s de la Danza, el Canto y la Tradici\u00f3n Oral&#8230; Leer m\u00e1s<\/p>\n","protected":false},"author":1,"featured_media":0,"parent":0,"menu_order":0,"comment_status":"closed","ping_status":"closed","template":"","meta":{"footnotes":""},"class_list":["post-525","page","type-page","status-publish","hentry"],"aioseo_notices":[],"_links":{"self":[{"href":"https:\/\/tierramontemariana.org\/index.php\/wp-json\/wp\/v2\/pages\/525","targetHints":{"allow":["GET"]}}],"collection":[{"href":"https:\/\/tierramontemariana.org\/index.php\/wp-json\/wp\/v2\/pages"}],"about":[{"href":"https:\/\/tierramontemariana.org\/index.php\/wp-json\/wp\/v2\/types\/page"}],"author":[{"embeddable":true,"href":"https:\/\/tierramontemariana.org\/index.php\/wp-json\/wp\/v2\/users\/1"}],"replies":[{"embeddable":true,"href":"https:\/\/tierramontemariana.org\/index.php\/wp-json\/wp\/v2\/comments?post=525"}],"version-history":[{"count":58,"href":"https:\/\/tierramontemariana.org\/index.php\/wp-json\/wp\/v2\/pages\/525\/revisions"}],"predecessor-version":[{"id":1544,"href":"https:\/\/tierramontemariana.org\/index.php\/wp-json\/wp\/v2\/pages\/525\/revisions\/1544"}],"wp:attachment":[{"href":"https:\/\/tierramontemariana.org\/index.php\/wp-json\/wp\/v2\/media?parent=525"}],"curies":[{"name":"wp","href":"https:\/\/api.w.org\/{rel}","templated":true}]}}