{"id":1148,"date":"2023-01-19T20:44:24","date_gmt":"2023-01-19T20:44:24","guid":{"rendered":"https:\/\/working.tierramontemariana.org\/?page_id=1148"},"modified":"2025-06-07T01:57:02","modified_gmt":"2025-06-07T01:57:02","slug":"ciclo-ambiental-formativo","status":"publish","type":"page","link":"https:\/\/tierramontemariana.org\/index.php\/ciclo-ambiental-formativo\/","title":{"rendered":"Ciclo Ambiental Formativo"},"content":{"rendered":"<p class=\"attachment\"><a href='https:\/\/tierramontemariana.org\/wp-content\/uploads\/2023\/01\/120735527_181168606806391_5571774610494513248_n.jpg'><img decoding=\"async\" width=\"300\" height=\"138\" src=\"https:\/\/tierramontemariana.org\/wp-content\/uploads\/2023\/01\/120735527_181168606806391_5571774610494513248_n-300x138.jpg\" class=\"attachment-medium size-medium\" alt=\"\" srcset=\"https:\/\/tierramontemariana.org\/wp-content\/uploads\/2023\/01\/120735527_181168606806391_5571774610494513248_n-300x138.jpg 300w, https:\/\/tierramontemariana.org\/wp-content\/uploads\/2023\/01\/120735527_181168606806391_5571774610494513248_n-1024x472.jpg 1024w, https:\/\/tierramontemariana.org\/wp-content\/uploads\/2023\/01\/120735527_181168606806391_5571774610494513248_n-768x354.jpg 768w, https:\/\/tierramontemariana.org\/wp-content\/uploads\/2023\/01\/120735527_181168606806391_5571774610494513248_n.jpg 1388w\" sizes=\"(max-width: 300px) 100vw, 300px\" \/><\/a><\/p>\n\t\t<div data-elementor-type=\"wp-page\" data-elementor-id=\"1148\" class=\"elementor elementor-1148\">\n\t\t\t\t\t\t<section class=\"elementor-section elementor-top-section elementor-element elementor-element-7adb4012 elementor-section-full_width elementor-section-height-default elementor-section-height-default wpr-particle-no wpr-jarallax-no wpr-parallax-no wpr-sticky-section-no\" data-id=\"7adb4012\" data-element_type=\"section\">\n\t\t\t\t\t\t<div class=\"elementor-container elementor-column-gap-no\">\n\t\t\t\t\t<div class=\"elementor-column elementor-col-100 elementor-top-column elementor-element elementor-element-518e9c92\" data-id=\"518e9c92\" data-element_type=\"column\">\n\t\t\t<div class=\"elementor-widget-wrap elementor-element-populated\">\n\t\t\t\t\t\t<div class=\"elementor-element elementor-element-3c02b66d wpr-adv-slider-columns-1 wpr-adv-slider-columns--tablet1 wpr-adv-slider-columns--mobile1 wpr-adv-slides-to-scroll-1 wpr-slider-dots-horizontal elementor-widget elementor-widget-wpr-advanced-slider\" data-id=\"3c02b66d\" data-element_type=\"widget\" data-settings=\"{&quot;slider_amount&quot;:1,&quot;slider_amount_tablet&quot;:1,&quot;slider_amount_mobile&quot;:1,&quot;slides_to_scroll&quot;:1,&quot;slider_loop&quot;:&quot;yes&quot;,&quot;slider_video_btn_size&quot;:&quot;medium&quot;}\" data-widget_type=\"wpr-advanced-slider.default\">\n\t\t\t\t<div class=\"elementor-widget-container\">\n\t\t\t\n\t\t<!-- Advanced Slider -->\n\t\t<div class=\"wpr-advanced-slider-wrap\">\n\t\t\t\n\t\t\t<div class=\"wpr-advanced-slider\" dir=\"ltr\" data-slick=\"{&quot;rtl&quot;:false,&quot;infinite&quot;:true,&quot;speed&quot;:900,&quot;arrows&quot;:true,&quot;dots&quot;:true,&quot;autoplay&quot;:false,&quot;autoplaySpeed&quot;:0,&quot;pauseOnHover&quot;:&quot;&quot;,&quot;prevArrow&quot;:&quot;#wpr-slider-prev-3c02b66d&quot;,&quot;nextArrow&quot;:&quot;#wpr-slider-next-3c02b66d&quot;,&quot;vertical&quot;:false,&quot;adaptiveHeight&quot;:true}\" data-video-btn-size=\"{&quot;widescreen&quot;:&quot;medium&quot;,&quot;desktop&quot;:&quot;medium&quot;,&quot;laptop&quot;:&quot;medium&quot;,&quot;tablet_extra&quot;:&quot;medium&quot;,&quot;tablet&quot;:&quot;medium&quot;,&quot;mobile_extra&quot;:&quot;medium&quot;,&quot;mobile&quot;:&quot;medium&quot;}\" data-slide-effect=\"slide\">\n\t\t\t\t<div class=\"wpr-slider-item elementor-repeater-item-f76b559\"><div class=\"wpr-slider-item-bg \" style=\"background-image: url(https:\/\/tierramontemariana.org\/wp-content\/uploads\/2023\/01\/121161287_177802817160043_3157538741618302362_n.jpg)\"><\/div><div class=\"wpr-slider-item-overlay\"><\/div><div class=\"wpr-cv-container\"><div class=\"wpr-cv-outer\"><div class=\"wpr-cv-inner\"><div class=\"wpr-slider-content\"><div class=\"wpr-slider-sub-title\"><h3>Ciclo formativo ambiental \u201cBosque Seco Tropical clave para el desarrollo sostenible\u201d<\/h3><\/div><div class=\"wpr-slider-btns\"><\/div><\/div><\/div><\/div><\/div><\/div>\t\t\t<\/div>\n\t\t\t<div class=\"wpr-slider-controls\">\n\t\t\t\t<div class=\"wpr-slider-dots\"><\/div>\n\t\t\t<\/div>\n\n\t\t\t<div class=\"wpr-slider-arrow-container\">\n\t\t\t\t<div class=\"wpr-slider-prev-arrow wpr-slider-arrow\" id=\"wpr-slider-prev-3c02b66d\">\n\t\t\t\t\t\t\t\t\t<\/div>\n\t\t\t\t<div class=\"wpr-slider-next-arrow wpr-slider-arrow\" id=\"wpr-slider-next-3c02b66d\">\n\t\t\t\t\t\t\t\t\t<\/div>\n\t\t\t<\/div>\n\t\t\t\n\t\t\t\n\t\t<\/div>\n\t\t\t\t<\/div>\n\t\t\t\t<\/div>\n\t\t\t\t\t<\/div>\n\t\t<\/div>\n\t\t\t\t\t<\/div>\n\t\t<\/section>\n\t\t\t\t<section class=\"elementor-section elementor-top-section elementor-element elementor-element-14a15ea4 elementor-section-boxed elementor-section-height-default elementor-section-height-default wpr-particle-no wpr-jarallax-no wpr-parallax-no wpr-sticky-section-no\" data-id=\"14a15ea4\" data-element_type=\"section\" data-settings=\"{&quot;background_background&quot;:&quot;classic&quot;}\">\n\t\t\t\t\t\t<div class=\"elementor-container elementor-column-gap-default\">\n\t\t\t\t\t<div class=\"elementor-column elementor-col-100 elementor-top-column elementor-element elementor-element-ffbfe73\" data-id=\"ffbfe73\" data-element_type=\"column\">\n\t\t\t<div class=\"elementor-widget-wrap elementor-element-populated\">\n\t\t\t\t\t\t<div class=\"elementor-element elementor-element-701586c elementor-widget elementor-widget-text-editor\" data-id=\"701586c\" data-element_type=\"widget\" data-widget_type=\"text-editor.default\">\n\t\t\t\t<div class=\"elementor-widget-container\">\n\t\t\t\t\t\t\t<p>En Fundaci\u00f3n Tierra Montemariana creemos en el poder de las ideas, el conocimiento y la creatividad como motores de cambio. Somos un colectivo de j\u00f3venes comprometidos con el ambiente, en especial con la protecci\u00f3n y restauraci\u00f3n del Bosque Seco Tropical en la subregi\u00f3n de Los Montes de Mar\u00eda, uno de los ecosistemas m\u00e1s amenazados y valiosos de Colombia.<\/p><p><br \/>Dise\u00f1amos e implementamos estrategias innovadoras de educaci\u00f3n ambiental y comunicaci\u00f3n, con un enfoque territorial, cultural y participativo. Nuestra apuesta combina pedagog\u00eda, arte, tecnolog\u00eda, innovaci\u00f3n, y saberes comunitarios para generar procesos de transformaci\u00f3n que fortalecen el v\u00ednculo entre las personas y su entorno.<\/p><p><br \/><em><strong>Innovaci\u00f3n con impacto<\/strong><\/em><\/p><p>Un claro ejemplo de nuestro enfoque fue el 1er ciclo Ambiental formativo virtual \u201cBosque Seco Tropical, clave para el desarrollo sostenible\u201d desarrollado en 2020. Esta estrategia logr\u00f3 articular a j\u00f3venes de toda la regi\u00f3n Caribe a trav\u00e9s de redes sociales y plataformas digitales, utilizando las tecnolog\u00edas de la Informaci\u00f3n para la Participaci\u00f3n masiva de los estudiantes y como herramienta pedag\u00f3gica. Desde sus territorios, los participantes construyeron conocimiento, compartieron experiencias y se conectaron con el cuidado del bosque seco tropical.<br \/>Este tipo de iniciativas reflejan nuestra capacidad de crear formatos din\u00e1micos, inclusivos y transformadores, que educan, comunican y movilizan desde y para el territorio.<\/p><p>\u00a0<\/p>\t\t\t\t\t\t<\/div>\n\t\t\t\t<\/div>\n\t\t\t\t\t<\/div>\n\t\t<\/div>\n\t\t\t\t\t<\/div>\n\t\t<\/section>\n\t\t\t\t<section class=\"elementor-section elementor-top-section elementor-element elementor-element-3a268613 elementor-section-content-middle elementor-section-boxed elementor-section-height-default elementor-section-height-default wpr-particle-no wpr-jarallax-no wpr-parallax-no wpr-sticky-section-no\" data-id=\"3a268613\" data-element_type=\"section\">\n\t\t\t\t\t\t<div class=\"elementor-container elementor-column-gap-extended\">\n\t\t\t\t\t<div class=\"elementor-column elementor-col-100 elementor-top-column elementor-element elementor-element-3abe1e7b\" data-id=\"3abe1e7b\" data-element_type=\"column\">\n\t\t\t<div class=\"elementor-widget-wrap elementor-element-populated\">\n\t\t\t\t\t\t<div class=\"elementor-element elementor-element-3b91872e wpr-advanced-text-style-highlighted wpr-animated-text-infinite-yes elementor-widget elementor-widget-wpr-advanced-text\" data-id=\"3b91872e\" data-element_type=\"widget\" data-settings=\"{&quot;anim_loop&quot;:&quot;yes&quot;}\" data-widget_type=\"wpr-advanced-text.default\">\n\t\t\t\t<div class=\"elementor-widget-container\">\n\t\t\t\n\t\t<h3 class=\"wpr-advanced-text\">\n\n\t\t\t\t\t\n\t\t\t\n\t\t<span class=\"wpr-highlighted-text\">\n\t\t\t\t\t\n\t\t\t<span class=\"wpr-highlighted-text-inner\">Im\u00e1genes del ciclo ambiental<\/span>\n\n\t\t\t<svg xmlns=\"http:\/\/www.w3.org\/2000\/svg\" viewBox=\"0 0 500 150\" class=\"wpr-highlight-circle\" preserveAspectRatio=\"none\">\n\t\t\t\t\t\t\t\t<path d=\"M284.72,15.61C276.85,14.43,2-2.85,2,80.46c0,34.09,45.22,58.86,196.31,62.81C719.59,154.18,467-74.85,109,29.15\"><\/path>\n\t\t\t\t\t\t\t<\/svg>\n\t\t\t\t\t<\/span>\n\t\t\t\t\n\t\t<\/h3>\n\t\t\n\t\t\t\t<\/div>\n\t\t\t\t<\/div>\n\t\t\t\t<div class=\"elementor-element elementor-element-f4af95 wpr-grid-columns-4 wpr-grid-columns--tablet3 wpr-grid-columns--mobile1 wpr-grid-pagination-center elementor-widget elementor-widget-wpr-media-grid\" data-id=\"f4af95\" data-element_type=\"widget\" data-widget_type=\"wpr-media-grid.default\">\n\t\t\t\t<div class=\"elementor-widget-container\">\n\t\t\t<section class=\"wpr-grid wpr-media-grid elementor-clearfix\" data-settings=\"{&quot;layout&quot;:&quot;fitRows&quot;,&quot;columns_desktop&quot;:4,&quot;gutter_hr&quot;:10,&quot;gutter_hr_mobile&quot;:10,&quot;gutter_hr_mobile_extra&quot;:10,&quot;gutter_hr_tablet&quot;:10,&quot;gutter_hr_tablet_extra&quot;:10,&quot;gutter_hr_laptop&quot;:10,&quot;gutter_hr_widescreen&quot;:10,&quot;gutter_vr&quot;:10,&quot;gutter_vr_mobile&quot;:10,&quot;gutter_vr_mobile_extra&quot;:10,&quot;gutter_vr_tablet&quot;:10,&quot;gutter_vr_tablet_extra&quot;:10,&quot;gutter_vr_laptop&quot;:10,&quot;gutter_vr_widescreen&quot;:10,&quot;animation&quot;:&quot;default&quot;,&quot;animation_duration&quot;:0.3,&quot;animation_delay&quot;:0.1,&quot;deeplinking&quot;:&quot;&quot;,&quot;filters_default_filter&quot;:&quot;&quot;,&quot;filters_linkable&quot;:&quot;no&quot;,&quot;filters_count&quot;:&quot;&quot;,&quot;filters_hide_empty&quot;:&quot;no&quot;,&quot;filters_animation&quot;:&quot;default&quot;,&quot;filters_animation_duration&quot;:0.3,&quot;filters_animation_delay&quot;:0.1,&quot;pagination_type&quot;:&quot;load-more&quot;,&quot;pagination_max_pages&quot;:1,&quot;lightbox&quot;:{&quot;selector&quot;:&quot;.wpr-grid-image-wrap&quot;,&quot;iframeMaxWidth&quot;:&quot;60%&quot;,&quot;hash&quot;:false,&quot;autoplay&quot;:&quot;true&quot;,&quot;pause&quot;:5000,&quot;progressBar&quot;:&quot;true&quot;,&quot;counter&quot;:&quot;true&quot;,&quot;controls&quot;:&quot;true&quot;,&quot;getCaptionFromTitleOrAlt&quot;:&quot;true&quot;,&quot;thumbnail&quot;:&quot;&quot;,&quot;showThumbByDefault&quot;:&quot;&quot;,&quot;share&quot;:&quot;&quot;,&quot;zoom&quot;:&quot;true&quot;,&quot;fullScreen&quot;:&quot;true&quot;,&quot;download&quot;:&quot;&quot;}}\"><article class=\"wpr-grid-item elementor-clearfix post-1154 attachment type-attachment status-inherit hentry\"><div class=\"wpr-grid-item-inner\"><div class=\"wpr-grid-media-wrap wpr-effect-size-small \"><div class=\"wpr-grid-image-wrap\" data-src=\"https:\/\/tierramontemariana.org\/wp-content\/uploads\/2023\/01\/121376605_177802833826708_2521343608638331044_n.jpg\"><img decoding=\"async\" src=\"https:\/\/tierramontemariana.org\/wp-content\/uploads\/2023\/01\/121376605_177802833826708_2521343608638331044_n.jpg\" alt=\"121376605_177802833826708_2521343608638331044_n\" class=\"wpr-anim-timing-ease-default\"><\/div><div class=\"wpr-grid-media-hover wpr-animation-wrap\"><div class=\"wpr-grid-media-hover-bg  wpr-overlay-fade-in wpr-anim-size-large wpr-anim-timing-ease-default wpr-anim-transparency\" data-url=\"https:\/\/tierramontemariana.org\/index.php\/ciclo-ambiental-formativo\/121376605_177802833826708_2521343608638331044_n\/\"><\/div><div class=\"wpr-cv-container\"><div class=\"wpr-cv-outer\"><div class=\"wpr-cv-inner\"><div class=\"wpr-grid-media-hover-middle elementor-clearfix\"><div class=\"wpr-grid-item-lightbox elementor-repeater-item-a11e62c wpr-grid-item-display-block wpr-grid-item-align-center wpr-element-fade-in wpr-anim-size-large wpr-anim-timing-ease-default wpr-anim-transparency\"><div class=\"inner-block\"><span data-src=\"https:\/\/tierramontemariana.org\/wp-content\/uploads\/2023\/01\/121376605_177802833826708_2521343608638331044_n.jpg\"><i class=\"fas fa-search\"><\/i><\/span><div class=\"wpr-grid-lightbox-overlay\"><\/div><\/div><\/div><h2 class=\"wpr-grid-item-title elementor-repeater-item-1178567 wpr-grid-item-display-block wpr-grid-item-align-center wpr-element-fade-in wpr-anim-size-large wpr-anim-timing-ease-default wpr-anim-transparency wpr-pointer-none wpr-pointer-line-fx wpr-pointer-fx-fade\"><div class=\"inner-block\"><a  href=\"https:\/\/tierramontemariana.org\/index.php\/ciclo-ambiental-formativo\/121376605_177802833826708_2521343608638331044_n\/\">121376605_177802833826708_2521343608638331044_n<\/a><\/div><\/h2><\/div><\/div><\/div><\/div><\/div><\/div><\/div><\/article><article class=\"wpr-grid-item elementor-clearfix post-1153 attachment type-attachment status-inherit hentry\"><div class=\"wpr-grid-item-inner\"><div class=\"wpr-grid-media-wrap wpr-effect-size-small \"><div class=\"wpr-grid-image-wrap\" data-src=\"https:\/\/tierramontemariana.org\/wp-content\/uploads\/2023\/01\/121161287_177802817160043_3157538741618302362_n-1.jpg\"><img decoding=\"async\" src=\"https:\/\/tierramontemariana.org\/wp-content\/uploads\/2023\/01\/121161287_177802817160043_3157538741618302362_n-1.jpg\" alt=\"121161287_177802817160043_3157538741618302362_n\" class=\"wpr-anim-timing-ease-default\"><\/div><div class=\"wpr-grid-media-hover wpr-animation-wrap\"><div class=\"wpr-grid-media-hover-bg  wpr-overlay-fade-in wpr-anim-size-large wpr-anim-timing-ease-default wpr-anim-transparency\" data-url=\"https:\/\/tierramontemariana.org\/index.php\/ciclo-ambiental-formativo\/121161287_177802817160043_3157538741618302362_n-2\/\"><\/div><div class=\"wpr-cv-container\"><div class=\"wpr-cv-outer\"><div class=\"wpr-cv-inner\"><div class=\"wpr-grid-media-hover-middle elementor-clearfix\"><div class=\"wpr-grid-item-lightbox elementor-repeater-item-a11e62c wpr-grid-item-display-block wpr-grid-item-align-center wpr-element-fade-in wpr-anim-size-large wpr-anim-timing-ease-default wpr-anim-transparency\"><div class=\"inner-block\"><span data-src=\"https:\/\/tierramontemariana.org\/wp-content\/uploads\/2023\/01\/121161287_177802817160043_3157538741618302362_n-1.jpg\"><i class=\"fas fa-search\"><\/i><\/span><div class=\"wpr-grid-lightbox-overlay\"><\/div><\/div><\/div><h2 class=\"wpr-grid-item-title elementor-repeater-item-1178567 wpr-grid-item-display-block wpr-grid-item-align-center wpr-element-fade-in wpr-anim-size-large wpr-anim-timing-ease-default wpr-anim-transparency wpr-pointer-none wpr-pointer-line-fx wpr-pointer-fx-fade\"><div class=\"inner-block\"><a  href=\"https:\/\/tierramontemariana.org\/index.php\/ciclo-ambiental-formativo\/121161287_177802817160043_3157538741618302362_n-2\/\">121161287_177802817160043_3157538741618302362_n<\/a><\/div><\/h2><\/div><\/div><\/div><\/div><\/div><\/div><\/div><\/article><article class=\"wpr-grid-item elementor-clearfix post-1152 attachment type-attachment status-inherit hentry\"><div class=\"wpr-grid-item-inner\"><div class=\"wpr-grid-media-wrap wpr-effect-size-small \"><div class=\"wpr-grid-image-wrap\" data-src=\"https:\/\/tierramontemariana.org\/wp-content\/uploads\/2023\/01\/120744029_181168580139727_5379183683755867954_n.jpg\"><img decoding=\"async\" src=\"https:\/\/tierramontemariana.org\/wp-content\/uploads\/2023\/01\/120744029_181168580139727_5379183683755867954_n.jpg\" alt=\"120744029_181168580139727_5379183683755867954_n\" class=\"wpr-anim-timing-ease-default\"><\/div><div class=\"wpr-grid-media-hover wpr-animation-wrap\"><div class=\"wpr-grid-media-hover-bg  wpr-overlay-fade-in wpr-anim-size-large wpr-anim-timing-ease-default wpr-anim-transparency\" data-url=\"https:\/\/tierramontemariana.org\/index.php\/ciclo-ambiental-formativo\/120744029_181168580139727_5379183683755867954_n\/\"><\/div><div class=\"wpr-cv-container\"><div class=\"wpr-cv-outer\"><div class=\"wpr-cv-inner\"><div class=\"wpr-grid-media-hover-middle elementor-clearfix\"><div class=\"wpr-grid-item-lightbox elementor-repeater-item-a11e62c wpr-grid-item-display-block wpr-grid-item-align-center wpr-element-fade-in wpr-anim-size-large wpr-anim-timing-ease-default wpr-anim-transparency\"><div class=\"inner-block\"><span data-src=\"https:\/\/tierramontemariana.org\/wp-content\/uploads\/2023\/01\/120744029_181168580139727_5379183683755867954_n.jpg\"><i class=\"fas fa-search\"><\/i><\/span><div class=\"wpr-grid-lightbox-overlay\"><\/div><\/div><\/div><h2 class=\"wpr-grid-item-title elementor-repeater-item-1178567 wpr-grid-item-display-block wpr-grid-item-align-center wpr-element-fade-in wpr-anim-size-large wpr-anim-timing-ease-default wpr-anim-transparency wpr-pointer-none wpr-pointer-line-fx wpr-pointer-fx-fade\"><div class=\"inner-block\"><a  href=\"https:\/\/tierramontemariana.org\/index.php\/ciclo-ambiental-formativo\/120744029_181168580139727_5379183683755867954_n\/\">120744029_181168580139727_5379183683755867954_n<\/a><\/div><\/h2><\/div><\/div><\/div><\/div><\/div><\/div><\/div><\/article><article class=\"wpr-grid-item elementor-clearfix post-1151 attachment type-attachment status-inherit hentry\"><div class=\"wpr-grid-item-inner\"><div class=\"wpr-grid-media-wrap wpr-effect-size-small \"><div class=\"wpr-grid-image-wrap\" data-src=\"https:\/\/tierramontemariana.org\/wp-content\/uploads\/2023\/01\/120735527_181168606806391_5571774610494513248_n.jpg\"><img decoding=\"async\" src=\"https:\/\/tierramontemariana.org\/wp-content\/uploads\/2023\/01\/120735527_181168606806391_5571774610494513248_n.jpg\" alt=\"120735527_181168606806391_5571774610494513248_n\" class=\"wpr-anim-timing-ease-default\"><\/div><div class=\"wpr-grid-media-hover wpr-animation-wrap\"><div class=\"wpr-grid-media-hover-bg  wpr-overlay-fade-in wpr-anim-size-large wpr-anim-timing-ease-default wpr-anim-transparency\" data-url=\"https:\/\/tierramontemariana.org\/index.php\/ciclo-ambiental-formativo\/120735527_181168606806391_5571774610494513248_n\/\"><\/div><div class=\"wpr-cv-container\"><div class=\"wpr-cv-outer\"><div class=\"wpr-cv-inner\"><div class=\"wpr-grid-media-hover-middle elementor-clearfix\"><div class=\"wpr-grid-item-lightbox elementor-repeater-item-a11e62c wpr-grid-item-display-block wpr-grid-item-align-center wpr-element-fade-in wpr-anim-size-large wpr-anim-timing-ease-default wpr-anim-transparency\"><div class=\"inner-block\"><span data-src=\"https:\/\/tierramontemariana.org\/wp-content\/uploads\/2023\/01\/120735527_181168606806391_5571774610494513248_n.jpg\"><i class=\"fas fa-search\"><\/i><\/span><div class=\"wpr-grid-lightbox-overlay\"><\/div><\/div><\/div><h2 class=\"wpr-grid-item-title elementor-repeater-item-1178567 wpr-grid-item-display-block wpr-grid-item-align-center wpr-element-fade-in wpr-anim-size-large wpr-anim-timing-ease-default wpr-anim-transparency wpr-pointer-none wpr-pointer-line-fx wpr-pointer-fx-fade\"><div class=\"inner-block\"><a  href=\"https:\/\/tierramontemariana.org\/index.php\/ciclo-ambiental-formativo\/120735527_181168606806391_5571774610494513248_n\/\">120735527_181168606806391_5571774610494513248_n<\/a><\/div><\/h2><\/div><\/div><\/div><\/div><\/div><\/div><\/div><\/article><\/section>\t\t<\/div>\n\t\t\t\t<\/div>\n\t\t\t\t\t<\/div>\n\t\t<\/div>\n\t\t\t\t\t<\/div>\n\t\t<\/section>\n\t\t\t\t<\/div>\n\t\t","protected":false},"excerpt":{"rendered":"<p>Ciclo formativo ambiental \u201cBosque Seco Tropical clave para el desarrollo sostenible\u201d En Fundaci\u00f3n Tierra Montemariana creemos en el poder de las ideas, el conocimiento y la creatividad como motores de cambio. Somos un colectivo de j\u00f3venes comprometidos con el ambiente, en especial con la protecci\u00f3n y restauraci\u00f3n del Bosque Seco Tropical en la subregi\u00f3n de Los Montes de Mar\u00eda, uno de los ecosistemas m\u00e1s amenazados y valiosos de Colombia. Dise\u00f1amos e implementamos estrategias innovadoras de educaci\u00f3n ambiental y comunicaci\u00f3n, con un enfoque territorial, cultural y participativo. Nuestra apuesta combina pedagog\u00eda, arte, tecnolog\u00eda, innovaci\u00f3n, y saberes comunitarios para generar procesos de transformaci\u00f3n que fortalecen el v\u00ednculo entre las personas y su entorno. Innovaci\u00f3n con impacto Un claro ejemplo de nuestro enfoque fue el 1er ciclo Ambiental formativo virtual \u201cBosque Seco Tropical, clave para el desarrollo sostenible\u201d desarrollado en 2020. Esta estrategia logr\u00f3 articular a j\u00f3venes de toda la regi\u00f3n Caribe a trav\u00e9s de redes sociales y plataformas digitales, utilizando las tecnolog\u00edas de la Informaci\u00f3n para la Participaci\u00f3n masiva de los estudiantes y como herramienta pedag\u00f3gica. Desde sus territorios, los participantes construyeron conocimiento, compartieron experiencias y se conectaron con el cuidado del bosque seco tropical.Este tipo de iniciativas reflejan nuestra capacidad de crear formatos din\u00e1micos, inclusivos y transformadores, que educan, comunican y movilizan desde y para el territorio. \u00a0 Im\u00e1genes del ciclo ambiental 121376605_177802833826708_2521343608638331044_n 121161287_177802817160043_3157538741618302362_n 120744029_181168580139727_5379183683755867954_n 120735527_181168606806391_5571774610494513248_n<\/p>\n","protected":false},"author":1,"featured_media":0,"parent":0,"menu_order":0,"comment_status":"closed","ping_status":"closed","template":"elementor_canvas","meta":{"footnotes":""},"class_list":["post-1148","page","type-page","status-publish","hentry"],"aioseo_notices":[],"_links":{"self":[{"href":"https:\/\/tierramontemariana.org\/index.php\/wp-json\/wp\/v2\/pages\/1148","targetHints":{"allow":["GET"]}}],"collection":[{"href":"https:\/\/tierramontemariana.org\/index.php\/wp-json\/wp\/v2\/pages"}],"about":[{"href":"https:\/\/tierramontemariana.org\/index.php\/wp-json\/wp\/v2\/types\/page"}],"author":[{"embeddable":true,"href":"https:\/\/tierramontemariana.org\/index.php\/wp-json\/wp\/v2\/users\/1"}],"replies":[{"embeddable":true,"href":"https:\/\/tierramontemariana.org\/index.php\/wp-json\/wp\/v2\/comments?post=1148"}],"version-history":[{"count":13,"href":"https:\/\/tierramontemariana.org\/index.php\/wp-json\/wp\/v2\/pages\/1148\/revisions"}],"predecessor-version":[{"id":1533,"href":"https:\/\/tierramontemariana.org\/index.php\/wp-json\/wp\/v2\/pages\/1148\/revisions\/1533"}],"wp:attachment":[{"href":"https:\/\/tierramontemariana.org\/index.php\/wp-json\/wp\/v2\/media?parent=1148"}],"curies":[{"name":"wp","href":"https:\/\/api.w.org\/{rel}","templated":true}]}}