{"id":1120,"date":"2023-01-18T23:30:42","date_gmt":"2023-01-18T23:30:42","guid":{"rendered":"https:\/\/working.tierramontemariana.org\/?page_id=1120"},"modified":"2025-05-13T00:12:57","modified_gmt":"2025-05-13T00:12:57","slug":"podcast-montes-de-maria-tierra-de-vida","status":"publish","type":"page","link":"https:\/\/tierramontemariana.org\/index.php\/podcast-montes-de-maria-tierra-de-vida\/","title":{"rendered":"Podcast \u00abMontes de Mar\u00eda Tierra de Vida\u00bb"},"content":{"rendered":"\t\t<div data-elementor-type=\"wp-page\" data-elementor-id=\"1120\" class=\"elementor elementor-1120\">\n\t\t\t\t\t\t<section class=\"elementor-section elementor-top-section elementor-element elementor-element-fc5a14c elementor-section-full_width elementor-section-height-full elementor-section-height-default elementor-section-items-middle wpr-particle-no wpr-jarallax-no wpr-parallax-no wpr-sticky-section-no\" data-id=\"fc5a14c\" data-element_type=\"section\" data-settings=\"{&quot;background_background&quot;:&quot;classic&quot;}\">\n\t\t\t\t\t\t\t<div class=\"elementor-background-overlay\"><\/div>\n\t\t\t\t\t\t\t<div class=\"elementor-container elementor-column-gap-default\">\n\t\t\t\t\t<div class=\"elementor-column elementor-col-100 elementor-top-column elementor-element elementor-element-04e7aeb\" data-id=\"04e7aeb\" data-element_type=\"column\">\n\t\t\t<div class=\"elementor-widget-wrap elementor-element-populated\">\n\t\t\t\t\t\t<div class=\"elementor-element elementor-element-c0fe661 elementor-widget elementor-widget-heading\" data-id=\"c0fe661\" data-element_type=\"widget\" data-widget_type=\"heading.default\">\n\t\t\t\t<div class=\"elementor-widget-container\">\n\t\t\t<h2 class=\"elementor-heading-title elementor-size-default\">Montes de Mar\u00eda Tierra de Vida: Voz y conciencia <br>del bosque seco tropical<\/h2>\t\t<\/div>\n\t\t\t\t<\/div>\n\t\t\t\t\t<\/div>\n\t\t<\/div>\n\t\t\t\t\t<\/div>\n\t\t<\/section>\n\t\t\t\t<section class=\"elementor-section elementor-top-section elementor-element elementor-element-17728aa0 elementor-section-boxed elementor-section-height-default elementor-section-height-default wpr-particle-no wpr-jarallax-no wpr-parallax-no wpr-sticky-section-no\" data-id=\"17728aa0\" data-element_type=\"section\" data-settings=\"{&quot;background_background&quot;:&quot;classic&quot;}\">\n\t\t\t\t\t\t<div class=\"elementor-container elementor-column-gap-default\">\n\t\t\t\t\t<div class=\"elementor-column elementor-col-100 elementor-top-column elementor-element elementor-element-50fe3d6f\" data-id=\"50fe3d6f\" data-element_type=\"column\">\n\t\t\t<div class=\"elementor-widget-wrap elementor-element-populated\">\n\t\t\t\t\t\t<div class=\"elementor-element elementor-element-511074c elementor-widget elementor-widget-text-editor\" data-id=\"511074c\" data-element_type=\"widget\" data-widget_type=\"text-editor.default\">\n\t\t\t\t<div class=\"elementor-widget-container\">\n\t\t\t\t\t\t\t<p>Somos los creadores del primer podcast de educaci\u00f3n ambiental de la subregi\u00f3n de Montes de Mar\u00eda, un espacio pionero que conecta voces diversas en torno a la conservaci\u00f3n del bosque seco tropical, uno de los ecosistemas m\u00e1s ricos y amenazados de Colombia.<\/p><p><br>\u201cMontes de Mar\u00eda Tierra de Vida\u201d es mucho m\u00e1s que un podcast: es una plataforma de encuentro entre j\u00f3venes, campesinos, profesionales, organizaciones p\u00fablicas y privadas, que promueve el conocimiento, la valoraci\u00f3n y la protecci\u00f3n del entorno natural que nos rodea.<\/p><p><br>A trav\u00e9s de cada episodio, buscamos educar, informar, sensibilizar y generar conciencia sobre la importancia vital del bosque seco tropical y los m\u00faltiples beneficios que ofrece para el bienestar humano, la biodiversidad y la sostenibilidad del territorio.<br>Nuestro podcast cuenta con dos temporadas disponibles en YouTube y Spotify.<\/p><p><br>Montes de Mar\u00eda Tierra de Vida es el reflejo de una comunidad que habla, act\u00faa y sue\u00f1a con un futuro m\u00e1s verde y justo.<\/p>\t\t\t\t\t\t<\/div>\n\t\t\t\t<\/div>\n\t\t\t\t<div class=\"elementor-element elementor-element-93b4f4b elementor-widget elementor-widget-heading\" data-id=\"93b4f4b\" data-element_type=\"widget\" data-widget_type=\"heading.default\">\n\t\t\t\t<div class=\"elementor-widget-container\">\n\t\t\t<h4 class=\"elementor-heading-title elementor-size-default\">Temporada 1<\/h4>\t\t<\/div>\n\t\t\t\t<\/div>\n\t\t\t\t<div class=\"elementor-element elementor-element-106826f elementor-shape-rounded elementor-grid-0 e-grid-align-center elementor-widget elementor-widget-social-icons\" data-id=\"106826f\" data-element_type=\"widget\" data-widget_type=\"social-icons.default\">\n\t\t\t\t<div class=\"elementor-widget-container\">\n\t\t\t\t\t<div class=\"elementor-social-icons-wrapper elementor-grid\">\n\t\t\t\t\t\t\t<span class=\"elementor-grid-item\">\n\t\t\t\t\t<a class=\"elementor-icon elementor-social-icon elementor-social-icon-youtube elementor-repeater-item-4087d3d\" href=\"https:\/\/www.youtube.com\/watch?v=wzM7B2bCb2g&#038;list=PLUb_9ywIzN3X4r-MkqWRCRcBt_unIpvsN&#038;ab_channel=TierraMontemariana\" target=\"_blank\">\n\t\t\t\t\t\t<span class=\"elementor-screen-only\">Youtube<\/span>\n\t\t\t\t\t\t<i class=\"fab fa-youtube\"><\/i>\t\t\t\t\t<\/a>\n\t\t\t\t<\/span>\n\t\t\t\t\t\t\t<span class=\"elementor-grid-item\">\n\t\t\t\t\t<a class=\"elementor-icon elementor-social-icon elementor-social-icon-spotify elementor-repeater-item-34fff49\" href=\"https:\/\/open.spotify.com\/show\/17rZTsSt1G58BUTkhWs6eP\" target=\"_blank\">\n\t\t\t\t\t\t<span class=\"elementor-screen-only\">Spotify<\/span>\n\t\t\t\t\t\t<i class=\"fab fa-spotify\"><\/i>\t\t\t\t\t<\/a>\n\t\t\t\t<\/span>\n\t\t\t\t\t<\/div>\n\t\t\t\t<\/div>\n\t\t\t\t<\/div>\n\t\t\t\t<div class=\"elementor-element elementor-element-05f9726 elementor-widget elementor-widget-heading\" data-id=\"05f9726\" data-element_type=\"widget\" data-widget_type=\"heading.default\">\n\t\t\t\t<div class=\"elementor-widget-container\">\n\t\t\t<h4 class=\"elementor-heading-title elementor-size-default\">Temporada 2<\/h4>\t\t<\/div>\n\t\t\t\t<\/div>\n\t\t\t\t<div class=\"elementor-element elementor-element-fad42d1 elementor-shape-rounded elementor-grid-0 e-grid-align-center elementor-widget elementor-widget-social-icons\" data-id=\"fad42d1\" data-element_type=\"widget\" data-widget_type=\"social-icons.default\">\n\t\t\t\t<div class=\"elementor-widget-container\">\n\t\t\t\t\t<div class=\"elementor-social-icons-wrapper elementor-grid\">\n\t\t\t\t\t\t\t<span class=\"elementor-grid-item\">\n\t\t\t\t\t<a class=\"elementor-icon elementor-social-icon elementor-social-icon-youtube elementor-repeater-item-4087d3d\" href=\"https:\/\/www.youtube.com\/watch?v=TVL1hZiN6a8&#038;list=PLUb_9ywIzN3UXl0YoL9af3GrOcRakElhA&#038;ab_channel=TierraMontemariana\" target=\"_blank\">\n\t\t\t\t\t\t<span class=\"elementor-screen-only\">Youtube<\/span>\n\t\t\t\t\t\t<i class=\"fab fa-youtube\"><\/i>\t\t\t\t\t<\/a>\n\t\t\t\t<\/span>\n\t\t\t\t\t\t\t<span class=\"elementor-grid-item\">\n\t\t\t\t\t<a class=\"elementor-icon elementor-social-icon elementor-social-icon-spotify elementor-repeater-item-34fff49\" href=\"https:\/\/open.spotify.com\/show\/17rZTsSt1G58BUTkhWs6eP\" target=\"_blank\">\n\t\t\t\t\t\t<span class=\"elementor-screen-only\">Spotify<\/span>\n\t\t\t\t\t\t<i class=\"fab fa-spotify\"><\/i>\t\t\t\t\t<\/a>\n\t\t\t\t<\/span>\n\t\t\t\t\t<\/div>\n\t\t\t\t<\/div>\n\t\t\t\t<\/div>\n\t\t\t\t\t<\/div>\n\t\t<\/div>\n\t\t\t\t\t<\/div>\n\t\t<\/section>\n\t\t\t\t<section class=\"elementor-section elementor-top-section elementor-element elementor-element-3d20c4f elementor-section-boxed elementor-section-height-default elementor-section-height-default wpr-particle-no wpr-jarallax-no wpr-parallax-no wpr-sticky-section-no\" data-id=\"3d20c4f\" data-element_type=\"section\">\n\t\t\t\t\t\t<div class=\"elementor-container elementor-column-gap-default\">\n\t\t\t\t\t<div class=\"elementor-column elementor-col-100 elementor-top-column elementor-element elementor-element-652d58b\" data-id=\"652d58b\" data-element_type=\"column\">\n\t\t\t<div class=\"elementor-widget-wrap\">\n\t\t\t\t\t\t\t<\/div>\n\t\t<\/div>\n\t\t\t\t\t<\/div>\n\t\t<\/section>\n\t\t\t\t<\/div>\n\t\t","protected":false},"excerpt":{"rendered":"<p>Montes de Mar\u00eda Tierra de Vida: Voz y conciencia del bosque seco tropical Somos los creadores del primer podcast de educaci\u00f3n ambiental de la subregi\u00f3n de Montes de Mar\u00eda, un espacio pionero que conecta voces diversas en torno a la conservaci\u00f3n del bosque seco tropical, uno de los ecosistemas m\u00e1s ricos y amenazados de Colombia. \u201cMontes de Mar\u00eda Tierra de Vida\u201d es mucho m\u00e1s que un podcast: es una plataforma de encuentro entre j\u00f3venes, campesinos, profesionales, organizaciones p\u00fablicas y privadas, que promueve el conocimiento, la valoraci\u00f3n y la protecci\u00f3n del entorno natural que nos rodea. A trav\u00e9s de cada episodio, buscamos educar, informar, sensibilizar y generar conciencia sobre la importancia vital del bosque seco tropical y los m\u00faltiples beneficios que ofrece para el bienestar humano, la biodiversidad y la sostenibilidad del territorio.Nuestro podcast cuenta con dos temporadas disponibles en YouTube y Spotify. Montes de Mar\u00eda Tierra de Vida es el reflejo de una comunidad que habla, act\u00faa y sue\u00f1a con un futuro m\u00e1s verde y justo. Temporada 1 Youtube Spotify Temporada 2 Youtube Spotify<\/p>\n","protected":false},"author":1,"featured_media":0,"parent":0,"menu_order":0,"comment_status":"closed","ping_status":"closed","template":"elementor_canvas","meta":{"footnotes":""},"class_list":["post-1120","page","type-page","status-publish","hentry"],"aioseo_notices":[],"_links":{"self":[{"href":"https:\/\/tierramontemariana.org\/index.php\/wp-json\/wp\/v2\/pages\/1120","targetHints":{"allow":["GET"]}}],"collection":[{"href":"https:\/\/tierramontemariana.org\/index.php\/wp-json\/wp\/v2\/pages"}],"about":[{"href":"https:\/\/tierramontemariana.org\/index.php\/wp-json\/wp\/v2\/types\/page"}],"author":[{"embeddable":true,"href":"https:\/\/tierramontemariana.org\/index.php\/wp-json\/wp\/v2\/users\/1"}],"replies":[{"embeddable":true,"href":"https:\/\/tierramontemariana.org\/index.php\/wp-json\/wp\/v2\/comments?post=1120"}],"version-history":[{"count":19,"href":"https:\/\/tierramontemariana.org\/index.php\/wp-json\/wp\/v2\/pages\/1120\/revisions"}],"predecessor-version":[{"id":1514,"href":"https:\/\/tierramontemariana.org\/index.php\/wp-json\/wp\/v2\/pages\/1120\/revisions\/1514"}],"wp:attachment":[{"href":"https:\/\/tierramontemariana.org\/index.php\/wp-json\/wp\/v2\/media?parent=1120"}],"curies":[{"name":"wp","href":"https:\/\/api.w.org\/{rel}","templated":true}]}}