{"id":1066,"date":"2023-01-18T19:34:19","date_gmt":"2023-01-18T19:34:19","guid":{"rendered":"https:\/\/working.tierramontemariana.org\/?page_id=1066"},"modified":"2025-06-09T02:46:20","modified_gmt":"2025-06-09T02:46:20","slug":"encuentro-nacional-de-jovenes","status":"publish","type":"page","link":"https:\/\/tierramontemariana.org\/index.php\/encuentro-nacional-de-jovenes\/","title":{"rendered":"Encuentro nacional de j\u00f3venes"},"content":{"rendered":"<p class=\"attachment\"><a href='https:\/\/tierramontemariana.org\/wp-content\/uploads\/2023\/01\/IMG_20220801_181826.jpg'><img fetchpriority=\"high\" decoding=\"async\" width=\"300\" height=\"225\" src=\"https:\/\/tierramontemariana.org\/wp-content\/uploads\/2023\/01\/IMG_20220801_181826-300x225.jpg\" class=\"attachment-medium size-medium\" alt=\"\" srcset=\"https:\/\/tierramontemariana.org\/wp-content\/uploads\/2023\/01\/IMG_20220801_181826-300x225.jpg 300w, https:\/\/tierramontemariana.org\/wp-content\/uploads\/2023\/01\/IMG_20220801_181826-1024x766.jpg 1024w, https:\/\/tierramontemariana.org\/wp-content\/uploads\/2023\/01\/IMG_20220801_181826-768x575.jpg 768w, https:\/\/tierramontemariana.org\/wp-content\/uploads\/2023\/01\/IMG_20220801_181826.jpg 1280w\" sizes=\"(max-width: 300px) 100vw, 300px\" \/><\/a><\/p>\n\t\t<div data-elementor-type=\"wp-page\" data-elementor-id=\"1066\" class=\"elementor elementor-1066\">\n\t\t\t\t\t\t<section class=\"elementor-section elementor-top-section elementor-element elementor-element-531cd6a elementor-section-full_width elementor-section-height-min-height elementor-section-height-default elementor-section-items-middle wpr-particle-no wpr-jarallax-no wpr-parallax-no wpr-sticky-section-no\" data-id=\"531cd6a\" data-element_type=\"section\" data-settings=\"{&quot;background_background&quot;:&quot;classic&quot;}\">\n\t\t\t\t\t\t\t<div class=\"elementor-background-overlay\"><\/div>\n\t\t\t\t\t\t\t<div class=\"elementor-container elementor-column-gap-default\">\n\t\t\t\t\t<div class=\"elementor-column elementor-col-100 elementor-top-column elementor-element elementor-element-3db1890\" data-id=\"3db1890\" data-element_type=\"column\">\n\t\t\t<div class=\"elementor-widget-wrap elementor-element-populated\">\n\t\t\t\t\t\t<div class=\"elementor-element elementor-element-bce1871 elementor-widget elementor-widget-heading\" data-id=\"bce1871\" data-element_type=\"widget\" data-widget_type=\"heading.default\">\n\t\t\t\t<div class=\"elementor-widget-container\">\n\t\t\t<h2 class=\"elementor-heading-title elementor-size-default\">Encuentro Nacional de J\u00f3venes Afro, Campesinos, Raizales e Ind\u00edgenas para la Conservaci\u00f3n de Ecosistemas Estrat\u00e9gicos en Colombia<\/h2>\t\t<\/div>\n\t\t\t\t<\/div>\n\t\t\t\t\t<\/div>\n\t\t<\/div>\n\t\t\t\t\t<\/div>\n\t\t<\/section>\n\t\t\t\t<section class=\"elementor-section elementor-top-section elementor-element elementor-element-9e0e0eb elementor-section-boxed elementor-section-height-default elementor-section-height-default wpr-particle-no wpr-jarallax-no wpr-parallax-no wpr-sticky-section-no\" data-id=\"9e0e0eb\" data-element_type=\"section\" data-settings=\"{&quot;background_background&quot;:&quot;classic&quot;}\">\n\t\t\t\t\t\t<div class=\"elementor-container elementor-column-gap-default\">\n\t\t\t\t\t<div class=\"elementor-column elementor-col-100 elementor-top-column elementor-element elementor-element-657748f\" data-id=\"657748f\" data-element_type=\"column\">\n\t\t\t<div class=\"elementor-widget-wrap elementor-element-populated\">\n\t\t\t\t\t\t<div class=\"elementor-element elementor-element-ae6ef13 elementor-widget elementor-widget-text-editor\" data-id=\"ae6ef13\" data-element_type=\"widget\" data-widget_type=\"text-editor.default\">\n\t\t\t\t<div class=\"elementor-widget-container\">\n\t\t\t\t\t\t\t<p>Del 26 al 30 de julio de 2022, en la ciudad de Santa Marta, la Fundaci\u00f3n Tierra Montemariana llev\u00f3 a cabo el<strong> Encuentro Nacional de J\u00f3venes Afro, Campesinos, Raizales e Ind\u00edgenas para la Conservaci\u00f3n de Ecosistemas Estrat\u00e9gicos en Colombia.<\/strong><\/p>\n<p>El encuentro con los equipos territoriales, colectivo de j\u00f3venes afro, campesinos e ind\u00edgenas tuvo como objetivo central conformar una red nacional de j\u00f3venes para la conservaci\u00f3n del bosque seco tropical, las sabanas inundables y las selvas transicionales.<\/p>\n<p>Durante el evento se trabajaron las siguientes tem\u00e1ticas:<\/p>\n<ul>\n<li>&#8211; Retos para enfrentar las amenazas a los ecosistemas estrat\u00e9gicos<\/li>\n<li>&#8211; Liderazgo ambiental a trav\u00e9s del servicio<\/li>\n<li>&#8211; Conformaci\u00f3n de la Red Nacional de J\u00f3venes para la Conservaci\u00f3n<\/li>\n<li>&#8211; \u00bfC\u00f3mo reportar informaci\u00f3n sobre la biodiversidad?<\/li><li><br><\/li>\n<\/ul>\n<p>Este espacio permiti\u00f3 fortalecer el liderazgo juvenil desde los territorios, conectar experiencias locales y construir una visi\u00f3n com\u00fan de conservaci\u00f3n impulsada por quienes habitan, entienden y protegen los ecosistemas estrat\u00e9gicos del pa\u00eds.<\/p>\n<p><strong>Desde la Fundaci\u00f3n Tierra Montemariana, impulsamos procesos que nacen en las comunidades, creen en el poder de los j\u00f3venes y apuestan por un futuro donde conservar sea un acto colectivo y consciente.<\/strong><\/p>\t\t\t\t\t\t<\/div>\n\t\t\t\t<\/div>\n\t\t\t\t\t<\/div>\n\t\t<\/div>\n\t\t\t\t\t<\/div>\n\t\t<\/section>\n\t\t\t\t<section class=\"elementor-section elementor-top-section elementor-element elementor-element-7b08053 elementor-section-boxed elementor-section-height-default elementor-section-height-default wpr-particle-no wpr-jarallax-no wpr-parallax-no wpr-sticky-section-no\" data-id=\"7b08053\" data-element_type=\"section\" data-settings=\"{&quot;background_background&quot;:&quot;classic&quot;}\">\n\t\t\t\t\t\t<div class=\"elementor-container elementor-column-gap-default\">\n\t\t\t\t\t<div class=\"elementor-column elementor-col-100 elementor-top-column elementor-element elementor-element-33f8780\" data-id=\"33f8780\" data-element_type=\"column\">\n\t\t\t<div class=\"elementor-widget-wrap elementor-element-populated\">\n\t\t\t\t\t\t<div class=\"elementor-element elementor-element-320883c elementor-widget elementor-widget-video\" data-id=\"320883c\" data-element_type=\"widget\" data-settings=\"{&quot;youtube_url&quot;:&quot;https:\\\/\\\/youtu.be\\\/qs7_Vq6ltkM&quot;,&quot;video_type&quot;:&quot;youtube&quot;,&quot;controls&quot;:&quot;yes&quot;}\" data-widget_type=\"video.default\">\n\t\t\t\t<div class=\"elementor-widget-container\">\n\t\t\t\t\t<div class=\"elementor-wrapper elementor-open-inline\">\n\t\t\t<div class=\"elementor-video\"><\/div>\t\t<\/div>\n\t\t\t\t<\/div>\n\t\t\t\t<\/div>\n\t\t\t\t\t<\/div>\n\t\t<\/div>\n\t\t\t\t\t<\/div>\n\t\t<\/section>\n\t\t\t\t<section class=\"elementor-section elementor-top-section elementor-element elementor-element-5729d86 elementor-section-content-middle elementor-section-boxed elementor-section-height-default elementor-section-height-default wpr-particle-no wpr-jarallax-no wpr-parallax-no wpr-sticky-section-no\" data-id=\"5729d86\" data-element_type=\"section\">\n\t\t\t\t\t\t<div class=\"elementor-container elementor-column-gap-extended\">\n\t\t\t\t\t<div class=\"elementor-column elementor-col-100 elementor-top-column elementor-element elementor-element-1fd1bcc\" data-id=\"1fd1bcc\" data-element_type=\"column\">\n\t\t\t<div class=\"elementor-widget-wrap elementor-element-populated\">\n\t\t\t\t\t\t<div class=\"elementor-element elementor-element-0eb2813 wpr-advanced-text-style-highlighted wpr-animated-text-infinite-yes elementor-widget elementor-widget-wpr-advanced-text\" data-id=\"0eb2813\" data-element_type=\"widget\" data-settings=\"{&quot;anim_loop&quot;:&quot;yes&quot;}\" data-widget_type=\"wpr-advanced-text.default\">\n\t\t\t\t<div class=\"elementor-widget-container\">\n\t\t\t\n\t\t<h3 class=\"wpr-advanced-text\">\n\n\t\t\t\t\t\n\t\t\t\n\t\t<span class=\"wpr-highlighted-text\">\n\t\t\t\t\t\n\t\t\t<span class=\"wpr-highlighted-text-inner\">Im\u00e1genes del evento<\/span>\n\n\t\t\t<svg xmlns=\"http:\/\/www.w3.org\/2000\/svg\" viewBox=\"0 0 500 150\" class=\"wpr-highlight-circle\" preserveAspectRatio=\"none\">\n\t\t\t\t\t\t\t\t<path d=\"M284.72,15.61C276.85,14.43,2-2.85,2,80.46c0,34.09,45.22,58.86,196.31,62.81C719.59,154.18,467-74.85,109,29.15\"><\/path>\n\t\t\t\t\t\t\t<\/svg>\n\t\t\t\t\t<\/span>\n\t\t\t\t\n\t\t<\/h3>\n\t\t\n\t\t\t\t<\/div>\n\t\t\t\t<\/div>\n\t\t\t\t<div class=\"elementor-element elementor-element-89d8174 wpr-grid-columns-4 wpr-grid-columns--tablet3 wpr-grid-columns--mobile1 wpr-grid-pagination-center elementor-widget elementor-widget-wpr-media-grid\" data-id=\"89d8174\" data-element_type=\"widget\" data-widget_type=\"wpr-media-grid.default\">\n\t\t\t\t<div class=\"elementor-widget-container\">\n\t\t\t<section class=\"wpr-grid wpr-media-grid elementor-clearfix\" data-settings=\"{&quot;layout&quot;:&quot;fitRows&quot;,&quot;columns_desktop&quot;:4,&quot;gutter_hr&quot;:10,&quot;gutter_hr_mobile&quot;:10,&quot;gutter_hr_mobile_extra&quot;:10,&quot;gutter_hr_tablet&quot;:10,&quot;gutter_hr_tablet_extra&quot;:10,&quot;gutter_hr_laptop&quot;:10,&quot;gutter_hr_widescreen&quot;:10,&quot;gutter_vr&quot;:10,&quot;gutter_vr_mobile&quot;:10,&quot;gutter_vr_mobile_extra&quot;:10,&quot;gutter_vr_tablet&quot;:10,&quot;gutter_vr_tablet_extra&quot;:10,&quot;gutter_vr_laptop&quot;:10,&quot;gutter_vr_widescreen&quot;:10,&quot;animation&quot;:&quot;default&quot;,&quot;animation_duration&quot;:0.3,&quot;animation_delay&quot;:0.1,&quot;deeplinking&quot;:&quot;&quot;,&quot;filters_default_filter&quot;:&quot;&quot;,&quot;filters_linkable&quot;:&quot;no&quot;,&quot;filters_count&quot;:&quot;&quot;,&quot;filters_hide_empty&quot;:&quot;no&quot;,&quot;filters_animation&quot;:&quot;default&quot;,&quot;filters_animation_duration&quot;:0.3,&quot;filters_animation_delay&quot;:0.1,&quot;pagination_type&quot;:&quot;load-more&quot;,&quot;pagination_max_pages&quot;:1,&quot;lightbox&quot;:{&quot;selector&quot;:&quot;.wpr-grid-image-wrap&quot;,&quot;iframeMaxWidth&quot;:&quot;60%&quot;,&quot;hash&quot;:false,&quot;autoplay&quot;:&quot;true&quot;,&quot;pause&quot;:5000,&quot;progressBar&quot;:&quot;true&quot;,&quot;counter&quot;:&quot;true&quot;,&quot;controls&quot;:&quot;true&quot;,&quot;getCaptionFromTitleOrAlt&quot;:&quot;&quot;,&quot;thumbnail&quot;:&quot;&quot;,&quot;showThumbByDefault&quot;:&quot;&quot;,&quot;share&quot;:&quot;&quot;,&quot;zoom&quot;:&quot;true&quot;,&quot;fullScreen&quot;:&quot;true&quot;,&quot;download&quot;:&quot;&quot;}}\"><article class=\"wpr-grid-item elementor-clearfix post-1100 attachment type-attachment status-inherit hentry\"><div class=\"wpr-grid-item-inner\"><div class=\"wpr-grid-media-wrap wpr-effect-size-small \"><div class=\"wpr-grid-image-wrap\" data-src=\"https:\/\/tierramontemariana.org\/wp-content\/uploads\/2023\/01\/IMG-20220801-WA0041.jpg\"><img decoding=\"async\" src=\"https:\/\/tierramontemariana.org\/wp-content\/uploads\/2023\/01\/IMG-20220801-WA0041.jpg\" alt=\"IMG-20220801-WA0041\" class=\"wpr-anim-timing-ease-default\"><\/div><div class=\"wpr-grid-media-hover wpr-animation-wrap\"><div class=\"wpr-grid-media-hover-bg  wpr-overlay-fade-in wpr-anim-size-large wpr-anim-timing-ease-default wpr-anim-transparency\" data-url=\"https:\/\/tierramontemariana.org\/index.php\/encuentro-nacional-de-jovenes\/img-20220801-wa0041\/\"><\/div><div class=\"wpr-cv-container\"><div class=\"wpr-cv-outer\"><div class=\"wpr-cv-inner\"><div class=\"wpr-grid-media-hover-middle elementor-clearfix\"><div class=\"wpr-grid-item-lightbox elementor-repeater-item-a11e62c wpr-grid-item-display-block wpr-grid-item-align-center wpr-element-fade-in wpr-anim-size-large wpr-anim-timing-ease-default wpr-anim-transparency\"><div class=\"inner-block\"><span data-src=\"https:\/\/tierramontemariana.org\/wp-content\/uploads\/2023\/01\/IMG-20220801-WA0041.jpg\"><i class=\"fas fa-search\"><\/i><\/span><div class=\"wpr-grid-lightbox-overlay\"><\/div><\/div><\/div><div class=\"wpr-grid-item-author elementor-repeater-item-1178567 wpr-grid-item-display-block wpr-grid-item-align-center wpr-element-fade-in wpr-anim-size-large wpr-anim-timing-ease-default wpr-anim-transparency\"><div class=\"inner-block\"><a href=\"https:\/\/tierramontemariana.org\/index.php\/author\/ftmontemariana\/\"><span>ftmontemariana<\/span><\/a><\/div><\/div><\/div><\/div><\/div><\/div><\/div><\/div><\/div><\/article><article class=\"wpr-grid-item elementor-clearfix post-1099 attachment type-attachment status-inherit hentry\"><div class=\"wpr-grid-item-inner\"><div class=\"wpr-grid-media-wrap wpr-effect-size-small \"><div class=\"wpr-grid-image-wrap\" data-src=\"https:\/\/tierramontemariana.org\/wp-content\/uploads\/2023\/01\/IMG-20220731-WA0035.jpg\"><img decoding=\"async\" src=\"https:\/\/tierramontemariana.org\/wp-content\/uploads\/2023\/01\/IMG-20220731-WA0035.jpg\" alt=\"IMG-20220731-WA0035\" class=\"wpr-anim-timing-ease-default\"><\/div><div class=\"wpr-grid-media-hover wpr-animation-wrap\"><div class=\"wpr-grid-media-hover-bg  wpr-overlay-fade-in wpr-anim-size-large wpr-anim-timing-ease-default wpr-anim-transparency\" data-url=\"https:\/\/tierramontemariana.org\/index.php\/encuentro-nacional-de-jovenes\/img-20220731-wa0035\/\"><\/div><div class=\"wpr-cv-container\"><div class=\"wpr-cv-outer\"><div class=\"wpr-cv-inner\"><div class=\"wpr-grid-media-hover-middle elementor-clearfix\"><div class=\"wpr-grid-item-lightbox elementor-repeater-item-a11e62c wpr-grid-item-display-block wpr-grid-item-align-center wpr-element-fade-in wpr-anim-size-large wpr-anim-timing-ease-default wpr-anim-transparency\"><div class=\"inner-block\"><span data-src=\"https:\/\/tierramontemariana.org\/wp-content\/uploads\/2023\/01\/IMG-20220731-WA0035.jpg\"><i class=\"fas fa-search\"><\/i><\/span><div class=\"wpr-grid-lightbox-overlay\"><\/div><\/div><\/div><div class=\"wpr-grid-item-author elementor-repeater-item-1178567 wpr-grid-item-display-block wpr-grid-item-align-center wpr-element-fade-in wpr-anim-size-large wpr-anim-timing-ease-default wpr-anim-transparency\"><div class=\"inner-block\"><a href=\"https:\/\/tierramontemariana.org\/index.php\/author\/ftmontemariana\/\"><span>ftmontemariana<\/span><\/a><\/div><\/div><\/div><\/div><\/div><\/div><\/div><\/div><\/div><\/article><article class=\"wpr-grid-item elementor-clearfix post-1097 attachment type-attachment status-inherit hentry\"><div class=\"wpr-grid-item-inner\"><div class=\"wpr-grid-media-wrap wpr-effect-size-small \"><div class=\"wpr-grid-image-wrap\" data-src=\"https:\/\/tierramontemariana.org\/wp-content\/uploads\/2023\/01\/IMG-20220728-WA0072.jpg\"><img decoding=\"async\" src=\"https:\/\/tierramontemariana.org\/wp-content\/uploads\/2023\/01\/IMG-20220728-WA0072.jpg\" alt=\"IMG-20220728-WA0072\" class=\"wpr-anim-timing-ease-default\"><\/div><div class=\"wpr-grid-media-hover wpr-animation-wrap\"><div class=\"wpr-grid-media-hover-bg  wpr-overlay-fade-in wpr-anim-size-large wpr-anim-timing-ease-default wpr-anim-transparency\" data-url=\"https:\/\/tierramontemariana.org\/index.php\/encuentro-nacional-de-jovenes\/img-20220728-wa0072\/\"><\/div><div class=\"wpr-cv-container\"><div class=\"wpr-cv-outer\"><div class=\"wpr-cv-inner\"><div class=\"wpr-grid-media-hover-middle elementor-clearfix\"><div class=\"wpr-grid-item-lightbox elementor-repeater-item-a11e62c wpr-grid-item-display-block wpr-grid-item-align-center wpr-element-fade-in wpr-anim-size-large wpr-anim-timing-ease-default wpr-anim-transparency\"><div class=\"inner-block\"><span data-src=\"https:\/\/tierramontemariana.org\/wp-content\/uploads\/2023\/01\/IMG-20220728-WA0072.jpg\"><i class=\"fas fa-search\"><\/i><\/span><div class=\"wpr-grid-lightbox-overlay\"><\/div><\/div><\/div><div class=\"wpr-grid-item-author elementor-repeater-item-1178567 wpr-grid-item-display-block wpr-grid-item-align-center wpr-element-fade-in wpr-anim-size-large wpr-anim-timing-ease-default wpr-anim-transparency\"><div class=\"inner-block\"><a href=\"https:\/\/tierramontemariana.org\/index.php\/author\/ftmontemariana\/\"><span>ftmontemariana<\/span><\/a><\/div><\/div><\/div><\/div><\/div><\/div><\/div><\/div><\/div><\/article><article class=\"wpr-grid-item elementor-clearfix post-1096 attachment type-attachment status-inherit hentry\"><div class=\"wpr-grid-item-inner\"><div class=\"wpr-grid-media-wrap wpr-effect-size-small \"><div class=\"wpr-grid-image-wrap\" data-src=\"https:\/\/tierramontemariana.org\/wp-content\/uploads\/2023\/01\/IMG_20220801_181826.jpg\"><img decoding=\"async\" src=\"https:\/\/tierramontemariana.org\/wp-content\/uploads\/2023\/01\/IMG_20220801_181826.jpg\" alt=\"IMG_20220801_181826\" class=\"wpr-anim-timing-ease-default\"><\/div><div class=\"wpr-grid-media-hover wpr-animation-wrap\"><div class=\"wpr-grid-media-hover-bg  wpr-overlay-fade-in wpr-anim-size-large wpr-anim-timing-ease-default wpr-anim-transparency\" data-url=\"https:\/\/tierramontemariana.org\/index.php\/encuentro-nacional-de-jovenes\/img_20220801_181826\/\"><\/div><div class=\"wpr-cv-container\"><div class=\"wpr-cv-outer\"><div class=\"wpr-cv-inner\"><div class=\"wpr-grid-media-hover-middle elementor-clearfix\"><div class=\"wpr-grid-item-lightbox elementor-repeater-item-a11e62c wpr-grid-item-display-block wpr-grid-item-align-center wpr-element-fade-in wpr-anim-size-large wpr-anim-timing-ease-default wpr-anim-transparency\"><div class=\"inner-block\"><span data-src=\"https:\/\/tierramontemariana.org\/wp-content\/uploads\/2023\/01\/IMG_20220801_181826.jpg\"><i class=\"fas fa-search\"><\/i><\/span><div class=\"wpr-grid-lightbox-overlay\"><\/div><\/div><\/div><div class=\"wpr-grid-item-author elementor-repeater-item-1178567 wpr-grid-item-display-block wpr-grid-item-align-center wpr-element-fade-in wpr-anim-size-large wpr-anim-timing-ease-default wpr-anim-transparency\"><div class=\"inner-block\"><a href=\"https:\/\/tierramontemariana.org\/index.php\/author\/ftmontemariana\/\"><span>ftmontemariana<\/span><\/a><\/div><\/div><\/div><\/div><\/div><\/div><\/div><\/div><\/div><\/article><\/section>\t\t<\/div>\n\t\t\t\t<\/div>\n\t\t\t\t\t<\/div>\n\t\t<\/div>\n\t\t\t\t\t<\/div>\n\t\t<\/section>\n\t\t\t\t<\/div>\n\t\t","protected":false},"excerpt":{"rendered":"<p>Encuentro Nacional de J\u00f3venes Afro, Campesinos, Raizales e Ind\u00edgenas para la Conservaci\u00f3n de Ecosistemas Estrat\u00e9gicos en Colombia Del 26 al 30 de julio de 2022, en la ciudad de Santa Marta, la Fundaci\u00f3n Tierra Montemariana llev\u00f3 a cabo el Encuentro Nacional de J\u00f3venes Afro, Campesinos, Raizales e Ind\u00edgenas para la Conservaci\u00f3n de Ecosistemas Estrat\u00e9gicos en Colombia. El encuentro con los equipos territoriales, colectivo de j\u00f3venes afro, campesinos e ind\u00edgenas tuvo como objetivo central conformar una red nacional de j\u00f3venes para la conservaci\u00f3n del bosque seco tropical, las sabanas inundables y las selvas transicionales. Durante el evento se trabajaron las siguientes tem\u00e1ticas: &#8211; Retos para enfrentar las amenazas a los ecosistemas estrat\u00e9gicos &#8211; Liderazgo ambiental a trav\u00e9s del servicio &#8211; Conformaci\u00f3n de la Red Nacional de J\u00f3venes para la Conservaci\u00f3n &#8211; \u00bfC\u00f3mo reportar informaci\u00f3n sobre la biodiversidad? Este espacio permiti\u00f3 fortalecer el liderazgo juvenil desde los territorios, conectar experiencias locales y construir una visi\u00f3n com\u00fan de conservaci\u00f3n impulsada por quienes habitan, entienden y protegen los ecosistemas estrat\u00e9gicos del pa\u00eds. Desde la Fundaci\u00f3n Tierra Montemariana, impulsamos procesos que nacen en las comunidades, creen en el poder de los j\u00f3venes y apuestan por un futuro donde conservar sea un acto colectivo y consciente. https:\/\/youtu.be\/qs7_Vq6ltkM Im\u00e1genes del evento ftmontemariana ftmontemariana ftmontemariana ftmontemariana<\/p>\n","protected":false},"author":1,"featured_media":0,"parent":0,"menu_order":0,"comment_status":"closed","ping_status":"closed","template":"elementor_canvas","meta":{"footnotes":""},"class_list":["post-1066","page","type-page","status-publish","hentry"],"aioseo_notices":[],"_links":{"self":[{"href":"https:\/\/tierramontemariana.org\/index.php\/wp-json\/wp\/v2\/pages\/1066","targetHints":{"allow":["GET"]}}],"collection":[{"href":"https:\/\/tierramontemariana.org\/index.php\/wp-json\/wp\/v2\/pages"}],"about":[{"href":"https:\/\/tierramontemariana.org\/index.php\/wp-json\/wp\/v2\/types\/page"}],"author":[{"embeddable":true,"href":"https:\/\/tierramontemariana.org\/index.php\/wp-json\/wp\/v2\/users\/1"}],"replies":[{"embeddable":true,"href":"https:\/\/tierramontemariana.org\/index.php\/wp-json\/wp\/v2\/comments?post=1066"}],"version-history":[{"count":58,"href":"https:\/\/tierramontemariana.org\/index.php\/wp-json\/wp\/v2\/pages\/1066\/revisions"}],"predecessor-version":[{"id":1556,"href":"https:\/\/tierramontemariana.org\/index.php\/wp-json\/wp\/v2\/pages\/1066\/revisions\/1556"}],"wp:attachment":[{"href":"https:\/\/tierramontemariana.org\/index.php\/wp-json\/wp\/v2\/media?parent=1066"}],"curies":[{"name":"wp","href":"https:\/\/api.w.org\/{rel}","templated":true}]}}